{"id":169,"date":"2021-02-03T17:50:31","date_gmt":"2021-02-03T16:50:31","guid":{"rendered":"https:\/\/ager.compsaonline.com\/index.php\/moteur-de-reservation\/"},"modified":"2025-03-14T10:55:35","modified_gmt":"2025-03-14T09:55:35","slug":"moteur-de-reservation","status":"publish","type":"page","link":"https:\/\/reserves.ager.cat\/index.php\/moteur-de-reservation\/?lang=fr","title":{"rendered":"Moteur de r\u00e9servation"},"content":{"rendered":"<div style=\"width: 100%;\"><style>\r\n    .bookme-form-error,\r\n    .bookme-steps > li,\r\n    .bookme-steps > li.bookme-steps-is-active:before,\r\n    .bookme-modal a {\r\n        color: #6BB6FF !important;\r\n    }\r\n\r\n    .bookme-booking-form .bookme-error,\r\n    .bookme-steps > li:before,\r\n    .bookme-steps > li.bookme-steps-is-active:before {\r\n        border-color: #6BB6FF !important;\r\n    }\r\n\r\n    .bookme-button,\r\n    .bookme-booking-form .bookme-box-loader .bookme-loader:after,\r\n    .bookme-booking-form .bookme-calendar.bookme-loader:after,\r\n    .bookme-steps > li:before,\r\n    .bookme-steps > li:after{\r\n        background-color: #6BB6FF !important;\r\n    }\r\n\r\n    .clndr .clndr-controls,\r\n    .clndr .clndr-table tr .day:hover,\r\n    .clndr .clndr-table tr .day.selected.event,\r\n    .clndr .clndr-table tr .next-month:hover,\r\n    .clndr .clndr-table tr .day.selected {\r\n        background-color: #6BB6FF;\r\n    }\r\n\r\n    .bookme-button,\r\n    .bookme-steps > li:before{\r\n        color: #FFFFFF !important;\r\n    }\r\n\r\n    .clndr .clndr-controls .clndr-month,\r\n    .clndr .clndr-controls .clndr-control-button span,\r\n    .clndr .clndr-table tr .day:hover,\r\n    .clndr .clndr-table tr .day.selected.event,\r\n    .clndr .clndr-table tr .day.selected,\r\n    .clndr .clndr-table tr .day .selected .event .day-contents {\r\n        color: #FFFFFF;\r\n    }\r\n\r\n    .bookme-booking-form .bookme-loader:after {\r\n        background-color: #FFFFFF !important;\r\n    }\r\n    \r\n    .bookme-steps > li.bookme-steps-is-active:before {\r\n        background-color: transparent !important;\r\n    }\r\n<\/style>\r\n<div id=\"bookme-booking-form-69f38da038f30\" class=\"bookme-booking-form\" data-form_id=\"69f38da038f30\"><div class=\"bookme-box-loader\"><div class=\"bookme-loader\"><\/div><\/div><\/div>\r\n<script>\r\n    (function ($) {\r\n        window.bookme(\r\n            \"69f38da038f30\",\r\n            {\"category_id\":1,\"service_id\":0,\"staff_member_id\":0,\"hide_categories\":true,\"hide_services\":false,\"hide_staff_members\":true,\"show_number_of_persons\":true,\"show_service_duration\":false},\r\n            {\"service_left\":0},\r\n            {\"status\":\"new\"}        );\r\n    })(jQuery);\r\n<\/script><\/div>\n<h2>Informations:<\/h2>\n<p>Visite de la vieille ville, de l&#8217;\u00e9glise de Sant Vicen\u00e7 et de l&#8217;entr\u00e9e de la Coll\u00e9giale de Sant Pere d&#8217;\u00c0ger. \u00c0 11h d\u00e9part du Portal del Pedr\u00f3 pour effectuer le parcours \u00e0 travers le village, qui se termine par l&#8217;entr\u00e9e de la Coll\u00e9giale. <strong>5\u20ac par personne. SUR R\u00c9SERVATION PR\u00c9ALABLE.<\/strong><\/p>\n<p>De 12h \u00e0 14h, entr\u00e9e \u00e0 la Coll\u00e9giale de Sant Pere d&#8217;\u00c0ger. <strong>3\u20ac par personne. PAS BESOIN DE R\u00c9SERVER \u00c0 L&#8217;AVANCE.<\/strong><\/p>\n<p>POUR PLUS D&#8217;INFORMATIONS, CONSULTEZ <a href=\"https:\/\/www.ager.cat\/descobreix\/visites-a-la-col-legiata-i-al-casc-antic\" target=\"_blank\" rel=\"noopener\">POUR PLUS D&#8217;INFORMATIONS, CONSULTEZ<\/a><\/p>\n<p><img loading=\"lazy\" decoding=\"async\" class=\"alignnone wp-image-1150 size-large\" src=\"https:\/\/reserves.ager.cat\/wp-content\/uploads\/2025\/03\/Cartell-visites-culturals-temporada-2025-724x1024.png\" alt=\"\" width=\"696\" height=\"984\" srcset=\"https:\/\/reserves.ager.cat\/wp-content\/uploads\/2025\/03\/Cartell-visites-culturals-temporada-2025-724x1024.png 724w, https:\/\/reserves.ager.cat\/wp-content\/uploads\/2025\/03\/Cartell-visites-culturals-temporada-2025-212x300.png 212w, https:\/\/reserves.ager.cat\/wp-content\/uploads\/2025\/03\/Cartell-visites-culturals-temporada-2025-768x1086.png 768w, https:\/\/reserves.ager.cat\/wp-content\/uploads\/2025\/03\/Cartell-visites-culturals-temporada-2025-1086x1536.png 1086w, https:\/\/reserves.ager.cat\/wp-content\/uploads\/2025\/03\/Cartell-visites-culturals-temporada-2025-600x849.png 600w, https:\/\/reserves.ager.cat\/wp-content\/uploads\/2025\/03\/Cartell-visites-culturals-temporada-2025.png 1414w\" sizes=\"auto, (max-width: 696px) 100vw, 696px\" \/><\/p>\n","protected":false},"excerpt":{"rendered":"<p>Informations: Visite de la vieille ville, de l&#8217;\u00e9glise de Sant Vicen\u00e7 et de l&#8217;entr\u00e9e de la Coll\u00e9giale de Sant Pere d&#8217;\u00c0ger. \u00c0 11h d\u00e9part du Portal del Pedr\u00f3 pour effectuer le parcours \u00e0 travers le village, qui se termine par l&#8217;entr\u00e9e de la Coll\u00e9giale. 5\u20ac par personne. SUR R\u00c9SERVATION PR\u00c9ALABLE. De 12h \u00e0 14h, entr\u00e9e [&hellip;]<\/p>\n","protected":false},"author":1,"featured_media":0,"parent":0,"menu_order":0,"comment_status":"closed","ping_status":"closed","template":"","meta":{"spay_email":"","footnotes":""},"class_list":["post-169","page","type-page","status-publish","hentry"],"_links":{"self":[{"href":"https:\/\/reserves.ager.cat\/index.php\/wp-json\/wp\/v2\/pages\/169","targetHints":{"allow":["GET"]}}],"collection":[{"href":"https:\/\/reserves.ager.cat\/index.php\/wp-json\/wp\/v2\/pages"}],"about":[{"href":"https:\/\/reserves.ager.cat\/index.php\/wp-json\/wp\/v2\/types\/page"}],"author":[{"embeddable":true,"href":"https:\/\/reserves.ager.cat\/index.php\/wp-json\/wp\/v2\/users\/1"}],"replies":[{"embeddable":true,"href":"https:\/\/reserves.ager.cat\/index.php\/wp-json\/wp\/v2\/comments?post=169"}],"version-history":[{"count":7,"href":"https:\/\/reserves.ager.cat\/index.php\/wp-json\/wp\/v2\/pages\/169\/revisions"}],"predecessor-version":[{"id":1171,"href":"https:\/\/reserves.ager.cat\/index.php\/wp-json\/wp\/v2\/pages\/169\/revisions\/1171"}],"wp:attachment":[{"href":"https:\/\/reserves.ager.cat\/index.php\/wp-json\/wp\/v2\/media?parent=169"}],"curies":[{"name":"wp","href":"https:\/\/api.w.org\/{rel}","templated":true}]}}